{"id":745,"date":"2022-02-13T14:01:06","date_gmt":"2022-02-13T13:01:06","guid":{"rendered":"https:\/\/lu-maurer.de\/?page_id=745"},"modified":"2022-02-18T17:07:23","modified_gmt":"2022-02-18T16:07:23","slug":"datenschutz","status":"publish","type":"page","link":"https:\/\/lu-maurer.de\/?page_id=745","title":{"rendered":"Datenschutz"},"content":{"rendered":"<div data-colibri-id=\"745-c1\" class=\"style-1908 style-local-745-c1 position-relative\">\n  <!---->\n  <div data-colibri-component=\"section\" data-colibri-id=\"745-c2\" id=\"custom\" class=\"h-section h-section-global-spacing d-flex align-items-lg-center align-items-md-center align-items-center style-1909 style-local-745-c2 position-relative\">\n    <!---->\n    <!---->\n    <div class=\"h-section-grid-container h-section-boxed-container\">\n      <!---->\n      <div data-colibri-id=\"745-c3\" class=\"h-row-container gutters-row-lg-2 gutters-row-md-2 gutters-row-0 gutters-row-v-lg-2 gutters-row-v-md-2 gutters-row-v-2 style-1910 style-local-745-c3 position-relative\">\n        <!---->\n        <div class=\"h-row justify-content-lg-center justify-content-md-center justify-content-center align-items-lg-stretch align-items-md-stretch align-items-stretch gutters-col-lg-2 gutters-col-md-2 gutters-col-0 gutters-col-v-lg-2 gutters-col-v-md-2 gutters-col-v-2\">\n          <!---->\n          <div class=\"h-column h-column-container d-flex h-col-lg-auto h-col-md-auto h-col-auto style-1911-outer style-local-745-c4-outer\">\n            <div data-colibri-id=\"745-c4\" class=\"d-flex h-flex-basis h-column__inner h-px-lg-2 h-px-md-2 h-px-2 v-inner-lg-2 v-inner-md-2 v-inner-2 style-1911 style-local-745-c4 position-relative\">\n              <!---->\n              <!---->\n              <div class=\"w-100 h-y-container h-column__content h-column__v-align flex-basis-100 align-self-lg-start align-self-md-start align-self-start\">\n                <!---->\n                <div data-colibri-id=\"745-c5\" class=\"h-text h-text-component style-1912 style-local-745-c5 position-relative h-element\">\n                  <!---->\n                  <!---->\n                  <div class=\"\">\n                    <p>\n                      <br>\n                    <\/p>\n                    <h2>1.1&nbsp;&nbsp;&nbsp;Datenschutzerkl\u00e4rung<\/h2>\n                    <p>Wir freuen uns \u00fcber Ihren Besuch auf unserer Webseite sowie Ihr damit verbundenes Interesse an unserem Unternehmen. Der Schutz Ihrer personenbezogenen Daten ist f\u00fcr uns sehr wichtig. F.u.B. Maurer GbR &nbsp;(nachfolgend \u201eMaurer\u201c, \u201ewir\u201c\n                      oder \u201euns\u201c) legt gro\u00dfen Wert auf die Sicherheit der Daten der Nutzer und die Einhaltung datenschutzrechtlicher Bestimmungen.<\/p>\n                    <p>Die Maurer-Webseiten k\u00f6nnen Links zu Webseiten anderer Anbieter enthalten, auf die sich diese Datenschutzerkl\u00e4rung nicht erstreckt.<span style=\"color: black; font-family: Helvetica, sans-serif; font-size: 11.5pt;\"> <\/span>Welche Daten\n                      die Betreiber dieser Seiten m\u00f6glicherweise erheben, entzieht sich unserer Kenntnis und unserem Einfluss\u00adbereich. Informationen erhalten Sie im Daten\u00adschutz\u00adhinweis der jeweiligen Seite.<\/p>\n                    <p>Nachstehend informieren wir Sie ausf\u00fchrlich \u00fcber den Umgang mit Ihren Daten.<\/p>\n                    <p>&nbsp;<\/p>\n                    <h2>1.2&nbsp;&nbsp;&nbsp;Begriffsbestimmungen<\/h2>\n                    <p>Die Datenschutzerkl\u00e4rung beruht auf den Begrifflichkeiten der Datenschutzgrundverordnung (DSGVO).&nbsp;<\/p>\n                    <p><span style=\"font-family: Arial, sans-serif;\">&#8211;&nbsp;&nbsp;&nbsp;&nbsp;&nbsp;&nbsp;\u201e<\/span><em style=\"font-family: Arial, sans-serif;\">Personenbezogene Daten<\/em><span style=\"font-family: Arial, sans-serif;\">\u201c sind alle Informationen, die sich auf eine identifizierte oder identifizierbare nat\u00fcrliche Person (im Folgenden \u201e<\/span>\n                      <em\n                        style=\"font-family: Arial, sans-serif;\">betroffene Person<\/em><span style=\"font-family: Arial, sans-serif;\">\u201c) beziehen (Art. 4 Nr. 1 DSGVO). Zu Ihren personenbezogenen Daten geh\u00f6ren Informationen wie Ihre Stammdaten (Vor- und Zuname, Adresse und Geburtsdatum), Ihre Kontaktdaten (Telefonnummer, E-Mail-Adresse), Ihre Rechnungsdaten (Bankverbindungsdaten) und Vieles mehr.<\/span><\/p>\n                    <p><span style=\"font-family: Arial, sans-serif;\">&nbsp;<\/span><\/p>\n                    <p><span style=\"font-family: Arial, sans-serif;\">&#8211;&nbsp;&nbsp;&nbsp;&nbsp;&nbsp;&nbsp;\u201e<\/span><em style=\"font-family: Arial, sans-serif;\">Verarbeitung<\/em><span style=\"font-family: Arial, sans-serif;\">\u201c ist jeder mit oder ohne Hilfe automatisierter Verfahren ausgef\u00fchrter Vorgang oder jede solche Vorgangsreihe im Zusammenhang mit personenbezogenen Daten wie das Erheben, das Erfassen, die Organisation, das Ordnen, die Speicherung, die Anpassung oder Ver\u00e4nderung, das Auslesen, das Abfragen, die Verwendung, die Offenlegung durch \u00dcbermittlung, Verbreitung oder eine andere Form der Bereitstellung, den Abgleich oder die Verkn\u00fcpfung, die Einschr\u00e4nkung, das L\u00f6schen oder die Vernichtung.<\/span><\/p>\n                    <p><span style=\"font-family: Arial, sans-serif;\">&nbsp;<\/span><\/p>\n                    <p><span style=\"font-family: Arial, sans-serif;\">&#8211;&nbsp;&nbsp;&nbsp;&nbsp;&nbsp;&nbsp;\u201e<\/span><em style=\"font-family: Arial, sans-serif;\">Betroffene Person<\/em><span style=\"font-family: Arial, sans-serif;\">\u201c ist jede identifizierte oder identifizierbare nat\u00fcrliche Person, deren personenbezogene Daten, von dem f\u00fcr die Verarbeitung Verantwortlichen verarbeitet werden.<\/span><\/p>\n                    <p><span style=\"font-family: Arial, sans-serif;\">&nbsp;<\/span><\/p>\n                    <p><span style=\"font-family: Arial, sans-serif;\">&#8211;&nbsp;&nbsp;&nbsp;&nbsp;&nbsp;&nbsp;<\/span><em style=\"font-family: Arial, sans-serif;\">\u201eVerantwortlicher<\/em><span style=\"font-family: Arial, sans-serif;\">\u201c ist die nat\u00fcrliche oder juristische Person, Beh\u00f6rde, Einrichtung oder andere Stelle, die allein oder gemeinsam mit anderen \u00fcber die Zwecke und Mittel der Verarbeitung von personenbezogenen Daten entscheidet. Sind die Zwecke und Mittel dieser Verarbeitung durch das Unionsrecht oder das Recht der Mitgliedstaaten vorgegeben, so kann der Verantwortliche beziehungsweise k\u00f6nnen die bestimmten Kriterien seiner Benennung nach dem Unionsrecht oder dem Recht der Mitgliedstaaten vorgesehen werden.<\/span><\/p>\n                    <p><span style=\"font-family: Arial, sans-serif;\">&nbsp;<\/span><\/p>\n                    <p><span style=\"font-family: Arial, sans-serif;\">&#8211;&nbsp;&nbsp;&nbsp;&nbsp;&nbsp;&nbsp;\u201e<\/span><em style=\"font-family: Arial, sans-serif;\">Auftragsverarbeiter\u201c<\/em><span style=\"font-family: Arial, sans-serif;\"> ist eine nat\u00fcrliche oder juristische Person, Beh\u00f6rde, Einrichtung oder andere Stelle, die personenbezogene Daten im Auftrag des Verantwortlichen verarbeitet.<\/span><\/p>\n                    <p><span style=\"font-family: Arial, sans-serif;\">&nbsp;<\/span><\/p>\n                    <p><span style=\"font-family: Arial, sans-serif;\">&#8211;&nbsp;&nbsp;&nbsp;&nbsp;&nbsp;&nbsp;<\/span><em style=\"font-family: Arial, sans-serif;\">\u201eEmpf\u00e4nger\u201c<\/em><span style=\"font-family: Arial, sans-serif;\"> ist eine nat\u00fcrliche oder juristische Person, Beh\u00f6rde, Einrichtung oder andere Stelle, der personenbezogene Daten offengelegt werden, unabh\u00e4ngig davon, ob es sich bei ihr um einen Dritten handelt oder nicht. Beh\u00f6rden, die im Rahmen eines bestimmten Untersuchungsauftrags nach dem Unionsrecht oder dem Recht der Mitgliedstaaten m\u00f6glicherweise personenbezogene Daten erhalten, gelten jedoch nicht als Empf\u00e4nger.<\/span><\/p>\n                    <p><span style=\"font-family: Arial, sans-serif;\">&nbsp;<\/span><\/p>\n                    <p><span style=\"font-family: Arial, sans-serif;\">&#8211;&nbsp;&nbsp;&nbsp;&nbsp;&nbsp;&nbsp;<\/span><em style=\"font-family: Arial, sans-serif;\">\u201eDritter\u201c<\/em><span style=\"font-family: Arial, sans-serif;\"> ist eine nat\u00fcrliche oder juristische Person, Beh\u00f6rde, Einrichtung oder andere Stelle au\u00dfer der betroffenen Person, dem Verantwortlichen, dem Auftragsverarbeiter und den Personen, die unter der unmittelbaren Verantwortung des Verantwortlichen oder des Auftragsverarbeiters befugt sind, die personenbezogenen Daten zu verarbeiten.<\/span><\/p>\n                    <p><span style=\"font-family: Arial, sans-serif;\">&nbsp;<\/span><\/p>\n                    <p><span style=\"font-family: Arial, sans-serif;\">&#8211;&nbsp;&nbsp;&nbsp;&nbsp;&nbsp;&nbsp;<\/span><em style=\"font-family: Arial, sans-serif;\">\u201eEinwilligung\u201c<\/em><span style=\"font-family: Arial, sans-serif;\"> ist jede von der betroffenen Person freiwillig f\u00fcr den bestimmten Fall in informierter Weise und unmissverst\u00e4ndlich abgegebene Willensbekundung in Form einer Erkl\u00e4rung oder einer sonstigen eindeutigen best\u00e4tigenden Handlung, mit der die betroffene Person zu verstehen gibt, dass sie mit der Verarbeitung der sie betreffenden personenbezogenen Daten einverstanden ist.<\/span><\/p>\n                    <h2>1.3&nbsp;&nbsp;&nbsp;Erhebung und Verarbeitung von personenbezogenen Daten<\/h2>\n                    <p>Eine Nutzung unserer Internetseiten ist grunds\u00e4tzlich ohne jede Angabe personenbezogener Daten m\u00f6glich. Sofern Sie besondere Services unseres Unternehmens \u00fcber unsere Internetseite in Anspruch nehmen m\u00f6chten, k\u00f6nnte jedoch eine Verarbeitung\n                      personenbezogener Daten erforderlich werden. Ist die Verarbeitung personenbezogener Daten erforderlich und besteht f\u00fcr eine solche Verarbeitung keine gesetzliche Grundlage, holen wir generell eine Einwilligung der betroffenen Person\n                      ein.<\/p>\n                    <p>&nbsp;<\/p>\n                    <h2>1.4&nbsp;&nbsp;&nbsp;<span style=\"color: black;\">Verwendung von Cookie-Tracking<\/span><\/h2>\n                    <p><span style=\"color: black;\">Um den Besuch unserer Webseite attraktiv zu gestalten und die Nutzung bestimmter Funktionen zu erm\u00f6glichen, verwenden wir auf unseren Webseiten sogenannte Cookies. Hierbei handelt es sich um eine Standard-Internettechnologie, zur Speicherung und zum Abrufen von Login- und anderen Nutzungsinformationen f\u00fcr alle Benutzer der Maurer-Webseiten. Cookies sind kleine Textdateien, die auf Ihrem Endger\u00e4t abgelegt werden, sie erm\u00f6glichen es uns u. a. Benutzereinstellungen zu speichern, damit unsere Webseiten in einem auf Ihr Ger\u00e4t zugeschnittenen Format angezeigt werden k\u00f6nnen. Einige der von uns verwendeten Cookies werden nach dem Ende der Browser-Sitzung, also nach Schlie\u00dfen Ihres Browsers, wieder gel\u00f6scht (sog. Sitzungs-Cookies). Andere Cookies verbleiben auf Ihrem Endger\u00e4t und erm\u00f6glichen uns oder unseren Partnerunternehmen, Ihren Browser beim n\u00e4chsten Besuch wiederzuerkennen (sog. dauerhafte Cookies).<\/span><\/p>\n                    <p><span style=\"color: black;\">Sie k\u00f6nnen Ihren Browser so einstellen, dass Sie \u00fcber das Setzen von Cookies informiert werden und einzeln \u00fcber deren Annahmen entscheiden oder die Annahme von Cookies f\u00fcr bestimmte F\u00e4lle oder generell ausschlie\u00dfen. Weiter k\u00f6nnen die Cookies im Nachhinein gel\u00f6scht werden, um Daten zu entfernen, die Webseiten auf Ihrem Computer abgelegt haben. Eine Anleitung hierf\u00fcr finden Sie schnell im Internet. Die Deaktivierung der Cookies kann zu einigen Einschr\u00e4nkungen der Funktionalit\u00e4t der Maurer-Webseiten f\u00fchren.<\/span><\/p>\n                    <h2>1.5&nbsp;&nbsp;&nbsp;Verwendung von Google Analytics<\/h2>\n                    <p>Diese Webseite nutzt Funktionen des Webanalysedienstes Google Analytics.<span style=\"font-size: 10.5pt;\"> <\/span>Anbieter ist die Google Inc.,1600 Amphitheatre Parkway Mountain View, CA 94043, USA. Google Analytics verwendet sog. \u201e<em>Cookies<\/em>\u201c,\n                      Textdateien, die auf Ihrem Computer gespeichert werden und die eine Analyse der Benutzung der Webseite durch Sie erm\u00f6glichen. Die durch die Cookies erzeugten Informationen \u00fcber Ihre Benutzung dieser Webseite (einschlie\u00dflich Ihrer\n                      IP-Adresse) wird an einen Server von Google in den USA \u00fcbertragen und dort gespeichert. Google wird diese Informationen benutzen, um Ihre Nutzung der Webseite auszuwerten, um Reports \u00fcber die Webseitenaktivit\u00e4ten f\u00fcr die Webseitenbetreiber\n                      zusammenzustellen und um weitere mit der Webseitennutzung und der Internetnutzung verbundene Dienstleistungen zu erbringen. Auch wird Google diese Informationen gegebenenfalls an Dritte \u00fcbertragen, sofern dies gesetzlich vorgeschrieben\n                      ist oder soweit Dritte diese Daten im Auftrag von Google verarbeiten.<\/p>\n                    <p><strong>&nbsp;<\/strong><\/p>\n                    <p><strong>Speicherung der Cookies verhindern <\/strong><\/p>\n                    <p>Sie k\u00f6nnen die Speicherung der Cookies durch eine entsprechende Einstellung Ihrer Browser Software verhindern; wir weisen Sie jedoch darauf hin, dass Sie in diesem Fall gegebenenfalls nicht s\u00e4mtliche Funktionen dieser Webseite vollumf\u00e4nglich\n                      nutzen k\u00f6nnen. Durch die Nutzung dieser Webseite erkl\u00e4ren Sie sich mit der Bearbeitung der \u00fcber Sie erhobenen Daten durch Google in der zuvor beschriebenen Art und Weise und zu dem zuvor benannten Zweck einverstanden.<\/p>\n                    <p>&nbsp;<\/p>\n                    <p><strong>Widerspruch gegen die Datenerfassung <\/strong><\/p>\n                    <p>Wenn Sie nicht m\u00f6chten, dass Google beim Aufruf der Seiten Daten von Ihrem Browser erh\u00e4lt, finden Sie hier den Link zur Opt-Out-L\u00f6sung f\u00fcr Google Analytics:\n                      <a href=\"http:\/\/tools.google.com\/dlpage\/gaoptout?hl=de\" class=\"customize-unpreviewable\"\n                        draggable=\"false\">http:\/\/tools.google.com\/dlpage\/gaoptout?hl=de<\/a> , Dieses Plug-in verhindert, dass der Browser den Analytics-Code anfordert, so dass Google keinerlei Daten beim Aufruf der Seite erh\u00e4lt. Das Plug-in ist nur f\u00fcr den Microsoft Internet\n                      Explorer 11, Google Chrome, Mozilla Firefox, Apple Safari und Opera erh\u00e4ltlich. Gem\u00e4\u00df Google blockt der Browser das Google Analytics-Skript nach der Installation. N\u00e4here Informationen zu Nutzungsbedingungen und Datenschutz finden\n                      Sie unter\n                      <a href=\"http:\/\/www.google.com\/analytics\/terms\/de.html\" class=\"customize-unpreviewable\" draggable=\"false\">http:\/\/www.google.com\/analytics\/terms\/de.html<\/a> bzw. unter&nbsp;\n                      <a href=\"http:\/\/www.google.com\/intl\/de\/analytics\/privacyoverview.html\" class=\"customize-unpreviewable\" draggable=\"false\">http:\/\/www.google.com\/intl\/de\/analytics\/privacyoverview.html<\/a>.<\/p>\n                    <p>&nbsp;<\/p>\n                    <h2>1.6&nbsp;&nbsp;&nbsp;Verwendung von Google Maps<\/h2>\n                    <p>Wir benutzen Google Maps zur Darstellung von Karten und zur Erstellung von Anfahrtspl\u00e4nen. Google Maps wird von Google Inc., 1600 Amphitheatre Parkway, Mountain View, CA 94043, USA betrieben.<\/p>\n                    <p>Durch die Nutzung dieser Webseite erkl\u00e4ren Sie sich mit der Erfassung, Bearbeitung sowie der Nutzung der automatisch erhobenen sowie der von Ihnen eingegeben Daten durch Google, einer seiner Vertreter, oder Drittanbieter einverstanden.<\/p>\n                    <p>Die Nutzungsbedingungen f\u00fcr Google Maps finden Sie unter:\n                      <a href=\"https:\/\/www.google.com\/intl\/de_de\/help\/terms_maps.html\" class=\"customize-unpreviewable\" draggable=\"false\">https:\/\/www.google.com\/intl\/de_de\/help\/terms_maps.html<\/a> .<\/p>\n                    <p>Ausf\u00fchrliche Details finden Sie im Datenschutz-Center von google.de: Transparenz und Wahlm\u00f6glichkeiten sowie Datenschutzbestimmungen unter\n                      <a href=\"https:\/\/policies.google.com\/privacy?hl=de&amp;gl=de\" class=\"customize-unpreviewable\"\n                        draggable=\"false\">https:\/\/policies.google.com\/privacy?hl=de&amp;gl=de<\/a> .<\/p>\n                    <p>&nbsp;<\/p>\n                    <h4>1.6.1.1&nbsp;&nbsp;Verwendung von YouTube<\/h4>\n                    <p>Unsere Webseite nutzt Funktionen der von Google betriebenen Seite YouTube. Betreiber der Seiten ist die YouTube, LLC, 901 Cherry Ave., San Bruno, CA 94066, USA. Wenn Sie eine unserer mit einer YouTube-Funktion ausgestatteten Seiten\n                      besuchen, wird eine Verbindung zu den Servern von YouTube hergestellt. Dabei wird dem YouTube-Server mitgeteilt, welche unserer Seiten Sie besucht haben.<\/p>\n                    <p>Wenn Sie in Ihrem YouTube-Account eingeloggt sind, erm\u00f6glichen Sie YouTube, Ihr Surfverhalten direkt Ihrem pers\u00f6nlichen Profil zuzuordnen. Dies k\u00f6nnen Sie verhindern, indem Sie sich aus Ihrem YouTube-Account ausloggen.<\/p>\n                    <p>Weitere Informationen zum Umgang von Nutzerdaten finden Sie in der Datenschutzerkl\u00e4rung von YouTube unter:\n                      <a href=\"https:\/\/www.google.de\/intl\/de\/policies\/privacy\" class=\"customize-unpreviewable\" draggable=\"false\">https:\/\/www.google.de\/intl\/de\/policies\/privacy<\/a> .<\/p>\n                    <p>&nbsp;<\/p>\n                    <h4>1.6.1.2&nbsp;&nbsp;Verwendung von Instagram<\/h4>\n                    <p>Auf unseren Seiten sind Funktionen des Dienstes Instagram eingebunden. Diese Funktionen werden angeboten durch die Instagram Inc., 1601 Willow Road, Menlo Park, CA, 94025, USA integriert. Wenn Sie in Ihrem Instagram-Account eingeloggt\n                      sind, k\u00f6nnen Sie durch Anklicken des Instagram-Buttons die Inhalte unserer Seiten mit Ihrem Instagram-Profil verlinken. Dadurch kann Instagram den Besuch unserer Seiten Ihrem Benutzerkonto zuordnen. Wir weisen darauf hin, dass wir\n                      als Anbieter der Seiten keine Kenntnis vom Inhalt der \u00fcbermittelten Daten sowie deren Nutzung durch Instagram erhalten. Weitere Informationen hierzu finden Sie in der Datenschutzerkl\u00e4rung von Instagram:\n                      <a href=\"https:\/\/instagram.com\/about\/legal\/privacy\"\n                        class=\"customize-unpreviewable\" draggable=\"false\">https:\/\/instagram.com\/about\/legal\/privacy\/<\/a> .<\/p>\n                    <p>&nbsp;<\/p>\n                    <h2>1.7&nbsp;&nbsp;&nbsp;E-Mailkontakt<\/h2>\n                    <p>Wenn Sie uns per E-Mail Anfragen bzw. Informationen zukommen lassen, werden Ihre Angaben (E-Mailadresse, Inhalt Ihrer E-Mail, Betreff Ihrer E-Mail und Datum) inklusive der von Ihnen dort angegebenen Kontaktdaten (Name, Nachname, ggf.\n                      Telefonnummer, Anschrift) zwecks Bearbeitung der Anfrage und f\u00fcr den Fall von Anschlussfragen bei uns gespeichert. Diese Daten geben wir nicht ohne Ihre Einwilligung weiter. Rechtsgrundlage f\u00fcr die Erhebung und Verarbeitung der Daten\n                      ist Art. 6 Abs. 1 DSGVO.<\/p>\n                    <p>Der Nutzer wird darauf hingewiesen, dass E-Mails auf dem \u00dcbertragungsweg unbefugt und unbemerkt mitgelesen oder ver\u00e4ndert werden k\u00f6nnen. Maurer verwendet eine Software zur Filterung von unerw\u00fcnschten E-Mails (Spam-Filter). Durch den\n                      Spam-Filter k\u00f6nnen E-Mails abgewiesen werden, wenn diese durch bestimmte Merkmale f\u00e4lschlich als Spam identifiziert wurden.<\/p>\n                    <p>Die von Ihnen eingegebenen Daten verbleiben bei uns, bis Sie uns zur L\u00f6schung auffordern, Ihre Einwilligung zur Speicherung widerrufen oder der Zweck f\u00fcr die Datenspeicherung entf\u00e4llt (z.B. nach abgeschlossener Bearbeitung Ihrer Anfrage).\n                      Zwingende gesetzliche Bestimmungen \u2013 insbesondere Aufbewahrungsfristen \u2013 bleiben unber\u00fchrt.<\/p>\n                    <p>&nbsp;<\/p>\n                    <h2>1.8&nbsp;&nbsp;&nbsp;\u00dcbermittlung intern, innerhalb von Maurer<\/h2>\n                    <p>Wir \u00fcbermitteln Ihre Daten intern an die Verwaltung und Personalabteilung um unseren vertraglichen oder gesetzlichen Verpflichtungen nachzukommen. Eine Daten\u00fcbermittlung bzw. Offenbarung Ihrer Daten erfolgt nur in dem hierf\u00fcr erforderlichen\n                      Umfang unter Beachtung der einschl\u00e4gigen Datenschutzvorschriften.<\/p>\n                    <p>&nbsp;<\/p>\n                    <h2>1.9&nbsp;&nbsp;&nbsp;Dauer der Speicherung <\/h2>\n                    <p>Wir speichern Ihre Daten grunds\u00e4tzlich solange, wie dies zur Erbringung unseres Services erforderlich ist oder sofern dies durch den Europ\u00e4ischen Richtlinien- und Verordnungsgeber oder einen anderen Gesetzgeber in Gesetzen oder Vorschriften,\n                      welchen der f\u00fcr die Verarbeitung Verantwortliche unterliegt, vorgesehen wurde. In allen anderen F\u00e4llen l\u00f6schen wir Ihre personenbezogenen Daten nach Erledigung des Zweckes, mit Ausnahme solcher Daten, die wir zur Erf\u00fcllung rechtlicher\n                      Verpflichtungen weiter speichern m\u00fcssen (z. B. sind wir aufgrund steuer- und handelsrechtlicher Aufbewahrungsfristen verpflichtet, Dokumente wie z. B. Vertr\u00e4ge und Rechnungen f\u00fcr einen gewissen Zeitraum vorzuhalten).<\/p>\n                    <h2>1.10&nbsp;&nbsp;&nbsp;Technische Sicherheit<\/h2>\n                    <p>Maurer setzt technische und organisatorische Sicherheitsma\u00dfnahmen ein, um Ihre durch uns verwalteten Daten gegen zuf\u00e4llige oder vors\u00e4tzliche Manipulationen, Verlust, Zerst\u00f6rung oder vor dem Zugriff unberechtigter Personen zu sch\u00fctzen.\n                      Unsere Sicherheitsma\u00dfnahmen werden entsprechend der technologischen Entwicklung fortlaufend verbessert.<\/p>\n                    <p>Wir weisen darauf hin, dass die Daten\u00fcbertragung im Internet (z. B. bei der Kommunikation per E-Mail) Sicherheitsl\u00fccken aufweisen kann. Ein l\u00fcckenloser Schutz der Daten vor dem Zugriff durch Dritte ist nicht m\u00f6glich.<\/p>\n                    <h2>1.11&nbsp;&nbsp;&nbsp;Rechtsgrundlage der Verarbeitung<\/h2>\n                    <p>Art. 6 I lit. a DSGVO dient unserem Unternehmen als Rechtsgrundlage f\u00fcr Verarbeitungsvorg\u00e4nge, bei denen wir eine Einwilligung f\u00fcr einen bestimmten Verarbeitungszweck einholen.<\/p>\n                    <p>Ist die Verarbeitung personenbezogener Daten zur Erf\u00fcllung eines Vertrags, dessen Vertragspartei die betroffene Person ist, erforderlich, wie dies beispielsweise bei Verarbeitungsvorg\u00e4ngen der Fall ist, die f\u00fcr eine Lieferung von Waren\n                      oder die Erbringung einer sonstigen Leistung oder Gegenleistung notwendig sind, so beruht die Verarbeitung auf Art. 6 I lit. b DSGVO. Gleiches gilt f\u00fcr solche Verarbeitungsvorg\u00e4nge die zur Durchf\u00fchrung vorvertraglicher Ma\u00dfnahmen\n                      erforderlich sind, etwa in F\u00e4llen von Anfragen zur unseren Produkten oder Leistungen.<\/p>\n                    <p>Unterliegt unser Unternehmen einer rechtlichen Verpflichtung, durch welche eine Verarbeitung von personenbezogenen Daten erforderlich wird, wie beispielsweise zur Erf\u00fcllung steuerlicher Pflichten, so basiert die Verarbeitung auf Art.\n                      6 I lit. c DSGVO.<\/p>\n                    <p>In seltenen F\u00e4llen k\u00f6nnte die Verarbeitung von personenbezogenen Daten erforderlich werden, um lebenswichtige Interessen der betroffenen Person oder einer anderen nat\u00fcrlichen Person zu sch\u00fctzen. Dies w\u00e4re beispielsweise der Fall, wenn\n                      ein Besucher in unserem Betrieb verletzt werden w\u00fcrde und daraufhin sein Name, sein Alter, seine Krankenkassendaten oder sonstige lebenswichtige Informationen an einen Arzt, ein Krankenhaus oder sonstige Dritte weitergegeben werden\n                      m\u00fcssten. Dann w\u00fcrde die Verarbeitung auf Art. 6 I lit. d DSGVO beruhen.<\/p>\n                    <p>Letztlich k\u00f6nnten Verarbeitungsvorg\u00e4nge auf Art. 6 I lit. f DSGVO beruhen. Auf dieser Rechtsgrundlage basieren Verarbeitungsvorg\u00e4nge, die von keiner der vorgenannten Rechtsgrundlagen erfasst werden, wenn die Verarbeitung zur Wahrung\n                      eines berechtigten Interesses unseres Unternehmens oder eines Dritten erforderlich ist, sofern die Interessen, Grundrechte und Grundfreiheiten des Betroffenen nicht \u00fcberwiegen. Basiert die Verarbeitung personenbezogener Daten auf\n                      Artikel 6 I lit. f DSGVO ist unser berechtigtes Interesse die Durchf\u00fchrung unserer Gesch\u00e4ftst\u00e4tigkeit zugunsten des Wohlergehens all unserer Mitarbeiter und unserer Kunden.<\/p>\n                    <h2>1.12&nbsp;&nbsp;&nbsp;Gesetzliche oder vertragliche Vorschriften zur Bereitstellung der personenbezogenen Daten; Erforderlichkeit f\u00fcr den Vertragsabschluss; Verpflichtung der betroffenen Person, die personenbezogenen Daten bereitzustellen;\n                      m\u00f6gliche Folgen der Nichtbereitstellung<\/h2>\n                    <p>Wir kl\u00e4ren Sie dar\u00fcber auf, dass die Bereitstellung personenbezogener Daten zum Teil gesetzlich vorgeschrieben ist (z.B. Steuervorschriften) oder sich auch aus vertraglichen Regelungen (z.B. Angaben zum Vertragspartner) ergeben kann.\n                      Mitunter kann es zu einem Vertragsschluss erforderlich sein, dass eine betroffene Person uns personenbezogene Daten zur Verf\u00fcgung stellt, die in der Folge durch uns verarbeitet werden m\u00fcssen. Die betroffene Person ist beispielsweise\n                      verpflichtet uns personenbezogene Daten bereitzustellen, wenn unser Unternehmen mit ihr einen Vertrag abschlie\u00dft. Eine Nichtbereitstellung der personenbezogenen Daten h\u00e4tte zur Folge, dass der Vertrag mit dem Betroffenen nicht geschlossen\n                      werden k\u00f6nnte. Vor einer Bereitstellung personenbezogener Daten durch den Betroffenen muss sich der Betroffene an einen unserer Mitarbeiter wenden. Unser Mitarbeiter kl\u00e4rt den Betroffenen einzelfallbezogen dar\u00fcber auf, ob die Bereitstellung\n                      der personenbezogenen Daten gesetzlich oder vertraglich vorgeschrieben oder f\u00fcr den Vertragsabschluss erforderlich ist, ob eine Verpflichtung besteht, die personenbezogenen Daten bereitzustellen, und welche Folgen die Nichtbereitstellung\n                      der personenbezogenen Daten h\u00e4tte.<\/p>\n                    <h2>1.13&nbsp;&nbsp;&nbsp;Minderj\u00e4hrigen-Hinweis<\/h2>\n                    <p>Dieses Online-Angebot richtet sich nicht an Kinder unter 16 Jahren. Personen, die das 16. Lebensjahr noch nicht vollendet haben, d\u00fcrfen ohne Zustimmung der Erziehungsberechtigten keine personenbezogenen Daten an Maurer \u00fcbermitteln.<\/p>\n                    <h2>1.14&nbsp;&nbsp;&nbsp;Rechte der Betroffenen<\/h2>\n                    <p>Sie haben das Recht auf Auskunft \u00fcber die von uns gespeicherten Daten, Dauer der Daten, Zweck und Rechtsgrundlage der Speicherung sowie Herkunft und Empf\u00e4nger von \u00dcbermittlungen. Unzutreffende Daten sind zu berichtigen, unzul\u00e4ssig\n                      gespeicherte oder nicht mehr erforderliche Daten zu l\u00f6schen. Zudem hat der Betroffene ein Widerspruchsrecht, ein Recht auf Einschr\u00e4nkung der Verarbeitung sowie das Recht auf Daten\u00fcbertragbarkeit.<\/p>\n                    <p>Diese Informationen werden auf Ihren Antrag hin erstellt. Diese Auskunft ist unentgeltlich.<\/p>\n                    <p>Sie haben au\u00dferdem das Recht, direkt bei einer Aufsichtsbeh\u00f6rde eine Beschwerde einzureichen.<\/p>\n                    <p>&nbsp;<\/p>\n                    <h2>1.15&nbsp;&nbsp;&nbsp;Widerruf Ihrer Einwilligung zur Datenverarbeitung<\/h2>\n                    <p>Einige Datenverarbeitungsvorg\u00e4nge sind nur mit Ihrer ausdr\u00fccklichen Einwilligung m\u00f6glich. Sie haben die M\u00f6glichkeit eine bereits erteilte Einwilligung jederzeit zu widerrufen. Dazu reicht eine formlose Mitteilung an <span style=\"color: black; font-family: Calibri, sans-serif; font-size: 11pt;\">&nbsp;<\/span>\n                      <a\n                        href=\"mailto:info@lohnunternehmen-maurer.de\" style=\"font-family: Calibri, sans-serif; font-size: 11pt;\" draggable=\"false\">info@lohnunternehmen-maurer.de<\/a><span style=\"font-family: Calibri, sans-serif; font-size: 11pt; color: black;\">&nbsp;<\/span>per E-Mail an uns. Die Rechtm\u00e4\u00dfigkeit der bis zum Widerruf erfolgten Datenverarbeitung bleibt vom Widerruf\n                        unber\u00fchrt.<\/p>\n                    <h2>1.16&nbsp;&nbsp;&nbsp;Verantwortliche Stelle und Kontaktdaten des externen Datenschutzbeauftragten<\/h2>\n                    <p>Verantwortliche Stelle:<\/p>\n                    <p>Friedrich u. Beate Maurer GbR<\/p>\n                    <p>Ro\u00dfhofstra\u00dfe 48<\/p>\n                    <p>74423 Untersontheim<\/p>\n                    <p>Tel.: 07973\/16224<\/p>\n                    <p>E-Mail: <span style=\"color: black; font-family: Calibri, sans-serif; font-size: 11pt;\">&nbsp;<\/span>\n                      <a href=\"mailto:info@lohnunternehmen-maurer.de\" style=\"font-family: Calibri, sans-serif; font-size: 11pt;\" draggable=\"false\">info@lohnunternehmen-maurer.de<\/a>\n                    <\/p>\n                    <p>&nbsp;<\/p>\n                    <p>&nbsp;<\/p>\n                    <p>&nbsp;<\/p>\n                  <\/div>\n                <\/div>\n              <\/div>\n            <\/div>\n          <\/div>\n        <\/div>\n      <\/div>\n      <div data-colibri-id=\"745-c6\" class=\"h-row-container gutters-row-lg-2 gutters-row-md-2 gutters-row-0 gutters-row-v-lg-2 gutters-row-v-md-2 gutters-row-v-2 style-1971 style-local-745-c6 position-relative\">\n        <!---->\n        <div class=\"h-row justify-content-lg-center justify-content-md-center justify-content-center align-items-lg-stretch align-items-md-stretch align-items-stretch gutters-col-lg-2 gutters-col-md-2 gutters-col-0 gutters-col-v-lg-2 gutters-col-v-md-2 gutters-col-v-2\">\n          <!---->\n          <div class=\"h-column h-column-container d-flex h-col-lg-auto h-col-md-auto h-col-auto style-1972-outer style-local-745-c7-outer\">\n            <div data-colibri-id=\"745-c7\" class=\"d-flex h-flex-basis h-column__inner h-px-lg-2 h-px-md-2 h-px-2 v-inner-lg-2 v-inner-md-2 v-inner-2 style-1972 style-local-745-c7 position-relative\">\n              <!---->\n              <!---->\n              <div class=\"w-100 h-y-container h-column__content h-column__v-align flex-basis-100 align-self-lg-start align-self-md-start align-self-start\">\n                <!---->\n                <div data-colibri-id=\"745-c8\" class=\"h-x-container style-1973 style-local-745-c8 position-relative h-element\">\n                  <!---->\n                  <div class=\"h-x-container-inner style-dynamic-745-c8-group\">\n                    <!----><span class=\"h-button__outer style-1974-outer style-local-745-c9-outer d-inline-flex h-element\"><a  h-use-smooth-scroll=\"true\" href=\"https:\/\/lu-maurer.de\/\"  data-colibri-id=\"745-c9\" class=\"d-flex w-100 align-items-center h-button justify-content-lg-center justify-content-md-center justify-content-center style-1974 style-local-745-c9 position-relative\"><!----><!----> <span >Startseite<\/span><\/a>\n                    <\/span>\n                  <\/div>\n                <\/div>\n              <\/div>\n            <\/div>\n          <\/div>\n        <\/div>\n      <\/div>\n    <\/div>\n  <\/div>\n<\/div>","protected":false},"excerpt":{"rendered":"<p>1.1&nbsp;&nbsp;&nbsp;Datenschutzerkl\u00e4rung Wir freuen uns \u00fcber Ihren Besuch auf unserer Webseite sowie Ihr damit verbundenes Interesse an unserem Unternehmen. Der Schutz Ihrer personenbezogenen Daten ist f\u00fcr uns sehr wichtig. F.u.B. Maurer GbR &nbsp;(nachfolgend \u201eMaurer\u201c, \u201ewir\u201c oder \u201euns\u201c) legt gro\u00dfen Wert auf die Sicherheit der Daten der Nutzer und die Einhaltung datenschutzrechtlicher Bestimmungen. Die Maurer-Webseiten k\u00f6nnen Links [&hellip;]<\/p>\n","protected":false},"author":1,"featured_media":0,"parent":0,"menu_order":0,"comment_status":"closed","ping_status":"closed","template":"page-templates\/full-width-page.php","meta":{"footnotes":""},"class_list":["post-745","page","type-page","status-publish","hentry"],"_links":{"self":[{"href":"https:\/\/lu-maurer.de\/index.php?rest_route=\/wp\/v2\/pages\/745","targetHints":{"allow":["GET"]}}],"collection":[{"href":"https:\/\/lu-maurer.de\/index.php?rest_route=\/wp\/v2\/pages"}],"about":[{"href":"https:\/\/lu-maurer.de\/index.php?rest_route=\/wp\/v2\/types\/page"}],"author":[{"embeddable":true,"href":"https:\/\/lu-maurer.de\/index.php?rest_route=\/wp\/v2\/users\/1"}],"replies":[{"embeddable":true,"href":"https:\/\/lu-maurer.de\/index.php?rest_route=%2Fwp%2Fv2%2Fcomments&post=745"}],"version-history":[{"count":7,"href":"https:\/\/lu-maurer.de\/index.php?rest_route=\/wp\/v2\/pages\/745\/revisions"}],"predecessor-version":[{"id":1603,"href":"https:\/\/lu-maurer.de\/index.php?rest_route=\/wp\/v2\/pages\/745\/revisions\/1603"}],"wp:attachment":[{"href":"https:\/\/lu-maurer.de\/index.php?rest_route=%2Fwp%2Fv2%2Fmedia&parent=745"}],"curies":[{"name":"wp","href":"https:\/\/api.w.org\/{rel}","templated":true}]}}